{"id":658,"date":"2016-03-30T15:48:38","date_gmt":"2016-03-30T15:48:38","guid":{"rendered":"https:\/\/erlendir.akmennt.is\/?page_id=658"},"modified":"2020-09-21T09:44:57","modified_gmt":"2020-09-21T09:44:57","slug":"arabiska-2","status":"publish","type":"page","link":"https:\/\/erlendir.akmennt.is\/index.php\/arabiska-2\/","title":{"rendered":"Arabiska"},"content":{"rendered":"<ul>\n<li><a href=\"https:\/\/erlendir.akmennt.is\/wp-content\/uploads\/2017\/03\/Ad_telja.pdf\"><em><strong>A\u00f0 telja &#8211; \u00edsl.\/arab\u00edska<\/strong><\/em><\/a><\/li>\n<li><em><strong><a href=\"https:\/\/erlendir.akmennt.is\/wp-content\/uploads\/2016\/03\/Dagar_manudir_Ahmed.pdf\" rel=\"\">Dagar, m\u00e1nu\u00f0ir, t\u00edmahugt\u00f6k<\/a><\/strong><\/em><\/li>\n<li><em><strong><a href=\"https:\/\/erlendir.akmennt.is\/wp-content\/uploads\/2016\/03\/Dropalag_arab._isl.pdf\" rel=\"\">Dropalag \u00e1 arabisku og \u00edslensku<\/a><\/strong><\/em><\/li>\n<li><em><strong><a href=\"https:\/\/erlendir.akmennt.is\/wp-content\/uploads\/2016\/03\/Fatnadur_Islenska_Arabiska_Ghasoub.pdf\" rel=\"\">Fatnadur, \u00edslenska og arabiska<\/a><\/strong><\/em><\/li>\n<li><em><strong><a href=\"https:\/\/erlendir.akmennt.is\/wp-content\/uploads\/2016\/03\/hofud_herdar_hne_og_taer.pdf\" rel=\"\">H\u00f6fu\u00f0, her\u00f0ar, hn\u00e9 og t\u00e6r<\/a><\/strong><\/em><\/li>\n<li><em><strong><a href=\"https:\/\/erlendir.akmennt.is\/wp-content\/uploads\/2016\/03\/litir_Islenska_Arabiska_Ghasoub.pdf\" rel=\"\">Litirnir, \u00edslenska og arabiska<\/a><\/strong><\/em><\/li>\n<li><em><strong><a href=\"https:\/\/erlendir.akmennt.is\/wp-content\/uploads\/2016\/10\/Matur_-Ahmed_2016.pdf\">Matur &#8211; or\u00f0alisti -2016<\/a><\/strong><\/em><\/li>\n<li><em><strong><a href=\"https:\/\/erlendir.akmennt.is\/wp-content\/uploads\/2016\/03\/Myndraen_stundaskra.pdf\" rel=\"\">Myndr<\/a><\/strong><\/em><em><strong><a href=\"https:\/\/erlendir.akmennt.is\/wp-content\/uploads\/2016\/03\/Myndraen_stundaskra.pdf\" rel=\"\">\u00e6n stundaskr\u00e1<\/a><\/strong><\/em><\/li>\n<li><a href=\"http:\/\/eldri.reykjavik.is\/Portaldata\/1\/Resources\/fjolmenningileikskola\/arabisk_saga.pdf\"><em><strong>Saga \u00e1 arab\u00edsku og \u00edslensku. Slangan og fiskurinn<\/strong><\/em><\/a><\/li>\n<li><a href=\"https:\/\/erlendir.akmennt.is\/wp-content\/uploads\/2016\/10\/skolinn_ahmed.pdf\"><em><strong>Sk\u00f3linn , \u00fdmis or\u00f0 og hugt\u00f6k<\/strong><\/em><\/a><\/li>\n<\/ul>\n<p>\u00a0<\/p>\n<p><em><strong><a href=\"https:\/\/erlendir.akmennt.is\/wp-content\/uploads\/2016\/09\/ordalisti_natturufr_ens_arab_AE_HH.pdf\">N\u00e1msefni:<\/a><\/strong><\/em><\/p>\n<ul>\n<li><em><strong><a href=\"https:\/\/erlendir.akmennt.is\/wp-content\/uploads\/2016\/09\/ordalisti_natturufr_ens_arab_AE_HH.pdf\">Or\u00f0alisti \u00ed n\u00e1tt\u00farufr\u00e6\u00f0i, mannsl\u00edkaminn<\/a><\/strong><\/em><\/li>\n<li><a href=\"https:\/\/www.liber.se\/Kampanjer\/Grundskola-kampanj\/Begreppslistor-pa-arabiska-i-SO-NO-och-teknik\/\"><em><strong>Or\u00f0alisti \u00ed nokkrum n\u00e1msgreinum grunnsk\u00f3la: arab\u00edska &#8211; norska\/s\u00e6nska<\/strong><\/em><\/a><\/li>\n<li><a href=\"https:\/\/erlendir.akmennt.is\/wp-content\/uploads\/2018\/01\/staerdfraedi_arabiska.pdf\"><em><strong>Or\u00f0alisti \u00ed st\u00e6r\u00f0fr\u00e6\u00f0i<\/strong><\/em><\/a><\/li>\n<li><a href=\"https:\/\/erlendir.akmennt.is\/wp-content\/uploads\/2017\/02\/eintala_fleirt_arab.pdf\"><em><strong>Verkefni: eintala\/fleirtala<\/strong><\/em><\/a><\/li>\n<li><a href=\"https:\/\/erlendir.akmennt.is\/wp-content\/uploads\/2017\/02\/persfn_arab.pdf\"><em><strong>Verkefni: pers\u00f3nuforn\u00f6fn<\/strong><\/em><\/a><\/li>\n<li><a href=\"https:\/\/erlendir.akmennt.is\/wp-content\/uploads\/2018\/01\/Island.pdf\"><em><strong>Kortavinna um \u00cdsland<\/strong><\/em><\/a><\/li>\n<\/ul>\n<p><em><strong>Um starf grunnsk\u00f3lanna \u00e1 Akureyri:<\/strong><\/em><\/p>\n<ul>\n<li><em><strong><a href=\"https:\/\/erlendir.akmennt.is\/wp-content\/uploads\/2016\/09\/grunnskolar_akureyri_arab.pdf\">Uppl\u00fdsingar um grunnsk\u00f3lana \u00e1 Akureyri _ arabiska<\/a><\/strong><\/em><\/li>\n<li><em><strong><a href=\"https:\/\/erlendir.akmennt.is\/wp-content\/uploads\/2016\/09\/Grunnskolaupplysingar.pdf\">Uppl\u00fdsingar um grunnsk\u00f3lana \u00e1 Akureyri &#8211; \u00edslenska<\/a><\/strong><\/em><\/li>\n<li><a href=\"https:\/\/erlendir.akmennt.is\/wp-content\/uploads\/2016\/10\/Samthykki_-foreldra_Ahmed.pdf\"><em><strong>Sam\u00feykki foreldra fyrir fer\u00f0um, k\u00f6nunum og myndum \u00e1 vef<\/strong><\/em><\/a><\/li>\n<\/ul>\n<p>\u00a0<\/p>\n<ul>\n<li><a href=\"https:\/\/erlendir.akmennt.is\/wp-content\/uploads\/2017\/01\/Jolasveinar_arabiska.pdf\"><em><strong>\u00cdslenskir j\u00f3lasi\u00f0ir og j\u00f3lasveinar<\/strong><\/em><\/a><\/li>\n<\/ul>\n<p><em><strong>Fyrir foreldra:<\/strong><\/em><a href=\"https:\/\/erlendir.akmennt.is\/wp-content\/uploads\/2017\/02\/arab_fristund-1.pdf\"><em>\u00a0<\/em><\/a><\/p>\n<ul>\n<li style=\"list-style-type: none;\">\n<ul>\n<li><a href=\"https:\/\/erlendir.akmennt.is\/wp-content\/uploads\/2020\/03\/\u0627\u0644\u0645\u062e\u064a\u0645-\u0627\u0644\u0645\u062f\u0631\u0633\u064a-\u0628\u0631\u0627\u064a\u0643\u064a\u0631-\u0647\u0631\u0648\u062a\u0627\u0641\u064a\u0627\u0631\u062f\u0648\u0631-\u0644\u0644\u0635\u0641-\u0627\u0644\u0633\u0627\u0628\u0639-003_Reykjaskoli_2020.pdf\" data-wplink-edit=\"true\"><em><strong>Uppl\u00fdsingar um sk\u00f3lab\u00fa\u00f0ir a\u00f0 Reykjum (7. bekkur) \u00e1 arab\u00edsku<\/strong><\/em><\/a><\/li>\n<li><a href=\"https:\/\/erlendir.akmennt.is\/wp-content\/uploads\/2020\/02\/fristundastyrkur_2017_ensk-1-2020_.pdf\"><em><strong>Uppl\u00fdsingar um fr\u00edstundastyrk Akureyrarb\u00e6jar-2020<\/strong><\/em><\/a><\/li>\n<li><a href=\"http:\/\/tungumalatorg.is\/velkomin\/files\/2015\/01\/Foreldralisti_arab.pdf\"><em><strong>G\u00f3\u00f0 r\u00e1\u00f0 fyrir foreldra<\/strong><\/em><\/a><\/li>\n<li><em><strong>Lei\u00f0ir til a\u00f0 \u00f6rva m\u00e1l\u00feroska, lestur og lesskilning:<\/strong><\/em><\/li>\n<li><em><strong><a href=\"http:\/\/www.aarhus.dk\/~\/media\/Dokumenter\/MBU\/VI\/Pjecer\/Faelles-ansvar\/0-3-aar\/Faelles-ansvar---Arabisk.pdf\">0-3 \u00e1ra<\/a><\/strong><\/em><\/li>\n<li><a href=\"http:\/\/www.aarhus.dk\/~\/media\/Dokumenter\/MBU\/VI\/Pjecer\/Faelles-ansvar\/3-6-aar\/Faelles-ansvar-3-6-aar---arabisk.pdf\"><em><strong>3-6\u00a0 \u00e1ra<\/strong><\/em><\/a><\/li>\n<li><a href=\"http:\/\/www.aarhus.dk\/~\/media\/Dokumenter\/MBU\/VI\/Pjecer\/Faelles-ansvar\/Indskoling\/Faelles-ansvar---indskoling---arabisk.pdf\"><em><strong>Vi\u00f0 sk\u00f3labyrjun<\/strong><\/em><\/a><\/li>\n<li><a href=\"http:\/\/www.aarhus.dk\/~\/media\/Dokumenter\/MBU\/VI\/Pjecer\/Faelles-ansvar\/mellemtrin\/Faelles-ansvar--mellemtrin---arabisk.pdf\"><em><strong>\u00c1 mi\u00f0stigi grunnsk\u00f3la<\/strong><\/em><\/a><\/li>\n<\/ul>\n<\/li>\n<\/ul>\n\n\n<p><\/p>\n","protected":false},"excerpt":{"rendered":"<p>A\u00f0 telja &#8211; \u00edsl.\/arab\u00edska Dagar, m\u00e1nu\u00f0ir, t\u00edmahugt\u00f6k Dropalag \u00e1 arabisku og \u00edslensku Fatnadur, \u00edslenska og arabiska H\u00f6fu\u00f0, her\u00f0ar, hn\u00e9 og t\u00e6r Litirnir, \u00edslenska og arabiska Matur &#8211; or\u00f0alisti -2016 Myndr\u00e6n stundaskr\u00e1 Saga \u00e1 arab\u00edsku og \u00edslensku. Slangan og fiskurinn Sk\u00f3linn &hellip; <a href=\"https:\/\/erlendir.akmennt.is\/index.php\/arabiska-2\/\">Halda \u00e1fram a\u00f0 lesa <span class=\"meta-nav\">&rarr;<\/span><\/a><\/p>\n","protected":false},"author":2,"featured_media":0,"parent":0,"menu_order":0,"comment_status":"closed","ping_status":"closed","template":"","meta":{"footnotes":""},"class_list":["post-658","page","type-page","status-publish","hentry"],"_links":{"self":[{"href":"https:\/\/erlendir.akmennt.is\/index.php\/wp-json\/wp\/v2\/pages\/658","targetHints":{"allow":["GET"]}}],"collection":[{"href":"https:\/\/erlendir.akmennt.is\/index.php\/wp-json\/wp\/v2\/pages"}],"about":[{"href":"https:\/\/erlendir.akmennt.is\/index.php\/wp-json\/wp\/v2\/types\/page"}],"author":[{"embeddable":true,"href":"https:\/\/erlendir.akmennt.is\/index.php\/wp-json\/wp\/v2\/users\/2"}],"replies":[{"embeddable":true,"href":"https:\/\/erlendir.akmennt.is\/index.php\/wp-json\/wp\/v2\/comments?post=658"}],"version-history":[{"count":50,"href":"https:\/\/erlendir.akmennt.is\/index.php\/wp-json\/wp\/v2\/pages\/658\/revisions"}],"predecessor-version":[{"id":2300,"href":"https:\/\/erlendir.akmennt.is\/index.php\/wp-json\/wp\/v2\/pages\/658\/revisions\/2300"}],"wp:attachment":[{"href":"https:\/\/erlendir.akmennt.is\/index.php\/wp-json\/wp\/v2\/media?parent=658"}],"curies":[{"name":"wp","href":"https:\/\/api.w.org\/{rel}","templated":true}]}}